{"id":23,"date":"2014-10-17T11:21:41","date_gmt":"2014-10-17T09:21:41","guid":{"rendered":"http:\/\/blogs.ruhr-uni-bochum.de\/wordpress\/blogs\/krollmd9\/?page_id=23"},"modified":"2014-11-02T09:52:03","modified_gmt":"2014-11-02T08:52:03","slug":"curriculum-vitae","status":"publish","type":"page","link":"https:\/\/kroll.blogs.ruhr-uni-bochum.de\/?page_id=23","title":{"rendered":"curriculum vitae"},"content":{"rendered":"<h5><span style=\"text-decoration: underline;\">seit 08.2014<\/span><br \/>\nWissenschaftlicher Mitarbeiter am <a title=\"LBZ RWTH Aachen\" href=\"http:\/\/www.lbz.rwth-aachen.de\/aw\/cms\/website\/zielgruppen\/~ssa\/lbz\/?lang=dehttp:\/\/\" target=\"_blank\">Lehrerbildungszentrum der RWTH Aachen University<\/a> &amp; im <a title=\"Didaktik der Gesellschaftswissenschaften\" href=\"http:\/\/www.dg.rwth-aachen.de\/\" target=\"_blank\">Lehr- und Forschungsgebiet Didaktik der Gesellschaftswissenschaften<\/a><\/h5>\n<h5 data-canvas-width=\"281.26054000000005\" data-angle=\"0\" data-font-name=\"Verdana\"><span style=\"text-decoration: underline;\">seit 10.2011<\/span><br \/>\nDoktorand am <a title=\"Lehrstuhl f\u00fcr mittlere und neuere Kirchengeschichte\" href=\"http:\/\/rub.de\/mnkg\" target=\"_blank\">Lehrstuhl f\u00fcr mittlere und neuere Kirchengeschichte<\/a>, <a title=\"Katholisch-Theologische Fakult\u00e4t\" href=\"http:\/\/www.kath.ruhr-uni-bochum.de\/\" target=\"_blank\">Katholisch-Theologische Fakult\u00e4t<\/a>, <a title=\"Ruhr-Universit\u00e4t Bochum\" href=\"http:\/\/www.rub.de\" target=\"_blank\">Ruhr-Universit\u00e4t Bochum<\/a><\/h5>\n<h5 data-canvas-width=\"281.26054000000005\" data-angle=\"0\" data-font-name=\"Verdana\"><span style=\"text-decoration: underline;\">2010 \u2013 09.2011<\/span><br \/>\nProjektreferent f\u00fcr das F\u00f6rderprogramm \u201eewoca3\u201c, Internationales Bildungs- und Begegnungswerk e.V. (IBB e.V.)<\/h5>\n<h5><span style=\"text-decoration: underline;\">2001 &#8211; 2010<\/span><br \/>\nStudium der Geschichtswissenschaft und der Katholischen Theologie im B.A \/M.Ed.-Studiengang, Ruhr-Universit\u00e4t Bochum<br \/>\n&#8211; B.A.-Arbeit: Martyrium, Suizid oder Freitod? Ein interreligi\u00f6ser Vergleich.<br \/>\n&#8211; M.Ed.-Arbeit: Ein und dasselbe? Die Beginenbewegung im Vergleich zwischen Mittelalter und Neuzeit.<\/h5>\n<h5><span style=\"text-decoration: underline;\">WiSe 2005\/06<\/span><br \/>\nSokrates \/ Erasmus Mobilit\u00e4tsstipendium in Krakau, Polen<\/h5>\n<h5 data-canvas-width=\"18.514439999999997\" data-angle=\"0\" data-font-name=\"Verdana\"><span style=\"text-decoration: underline;\">2000 &#8211; 2001<\/span><br \/>\nBundeswehr-Grunddienst im Fernmeldebataillion 820 in D\u00fcsseldorf<\/h5>\n<h5 data-canvas-width=\"18.514439999999997\" data-angle=\"0\" data-font-name=\"Verdana\"><span style=\"text-decoration: underline;\">2000<\/span><br \/>\nAbitur an der Geschwister-Scholl-Gesamtschule in Dortmund<\/h5>\n<h5 data-canvas-width=\"18.514439999999997\" data-angle=\"0\" data-font-name=\"Verdana\">1981 geboren in Dortmund<\/h5>\n<h5 data-canvas-width=\"609.0584000000001\" data-angle=\"0\" data-font-name=\"Verdana\"><\/h5>\n","protected":false},"excerpt":{"rendered":"<p>seit 08.2014 Wissenschaftlicher Mitarbeiter am Lehrerbildungszentrum der RWTH Aachen University &amp; im Lehr- und Forschungsgebiet Didaktik der Gesellschaftswissenschaften seit 10.2011 Doktorand am Lehrstuhl f\u00fcr mittlere und neuere Kirchengeschichte, Katholisch-Theologische Fakult\u00e4t, Ruhr-Universit\u00e4t Bochum 2010 \u2013 09.2011 Projektreferent f\u00fcr das F\u00f6rderprogramm \u201eewoca3\u201c, Internationales Bildungs- und Begegnungswerk e.V. (IBB e.V.) 2001 &#8211; 2010 Studium der Geschichtswissenschaft und der &#8230; <a class=\"more-link\" href=\"https:\/\/kroll.blogs.ruhr-uni-bochum.de\/?page_id=23\">[Read more&#8230;]<\/a><\/p>\n","protected":false},"author":7,"featured_media":0,"parent":0,"menu_order":0,"comment_status":"open","ping_status":"open","template":"","meta":{"footnotes":""},"class_list":["entry","page","publish","author-krollmd9","post-23"],"_links":{"self":[{"href":"https:\/\/kroll.blogs.ruhr-uni-bochum.de\/index.php?rest_route=\/wp\/v2\/pages\/23","targetHints":{"allow":["GET"]}}],"collection":[{"href":"https:\/\/kroll.blogs.ruhr-uni-bochum.de\/index.php?rest_route=\/wp\/v2\/pages"}],"about":[{"href":"https:\/\/kroll.blogs.ruhr-uni-bochum.de\/index.php?rest_route=\/wp\/v2\/types\/page"}],"author":[{"embeddable":true,"href":"https:\/\/kroll.blogs.ruhr-uni-bochum.de\/index.php?rest_route=\/wp\/v2\/users\/7"}],"replies":[{"embeddable":true,"href":"https:\/\/kroll.blogs.ruhr-uni-bochum.de\/index.php?rest_route=%2Fwp%2Fv2%2Fcomments&post=23"}],"version-history":[{"count":7,"href":"https:\/\/kroll.blogs.ruhr-uni-bochum.de\/index.php?rest_route=\/wp\/v2\/pages\/23\/revisions"}],"predecessor-version":[{"id":48,"href":"https:\/\/kroll.blogs.ruhr-uni-bochum.de\/index.php?rest_route=\/wp\/v2\/pages\/23\/revisions\/48"}],"wp:attachment":[{"href":"https:\/\/kroll.blogs.ruhr-uni-bochum.de\/index.php?rest_route=%2Fwp%2Fv2%2Fmedia&parent=23"}],"curies":[{"name":"wp","href":"https:\/\/api.w.org\/{rel}","templated":true}]}}